{"id":585,"date":"2016-08-29T15:43:09","date_gmt":"2016-08-29T13:43:09","guid":{"rendered":"http:\/\/klient.engel-helden.de\/ebev\/es\/?page_id=585"},"modified":"2016-11-28T08:32:48","modified_gmt":"2016-11-28T07:32:48","slug":"ebev-grua","status":"publish","type":"page","link":"https:\/\/ebev.de\/es\/productos\/ebev-grua\/","title":{"rendered":"EBEV &#8211; Gr\u00faa"},"content":{"rendered":"<p>[vc_row css=\u00bb.vc_custom_1472028743282{margin-top: 50px !important;margin-bottom: 10px !important;}\u00bb][vc_column][vc_column_text]<\/p>\n<h1 style=\"text-align: center;\">EBEV \u2013 Gr\u00faa 500<\/h1>\n<p>[\/vc_column_text][vc_column_text]<\/p>\n<p class=\"p1\" style=\"text-align: center;\"><span class=\"s1\">La gr\u00faa compacta EBEV permite un montaje r\u00e1pido en el veh\u00edculo portador. Las opciones incluyen<br \/>\nla serie MH 500 con una bomba hidr\u00e1ulica manual para el cilindro elevador o la MW 500<br \/>\ncon cabestrante el\u00e9ctrico de 12\/24 voltios y ajuste manual del brazo elevador.<\/span><\/p>\n<p class=\"p1\" style=\"text-align: center;\"><span class=\"s1\">Para asegurar la seguridad m\u00e1s absoluta la gr\u00faa EBEV 500<br \/>\ncumple con la normativa EN para maquinaria y est\u00e1 prevista con la marca CE.<\/span><\/p>\n<p class=\"p1\" style=\"text-align: center;\"><span class=\"s1\">\u00a1<\/span><span class=\"s2\">Compacta, vers\u00e1til, segura!<\/span><\/p>\n<p>[\/vc_column_text][\/vc_column][\/vc_row][vc_row css=\u00bb.vc_custom_1472028726886{margin-top: 10px !important;}\u00bb][vc_column css=\u00bb.vc_custom_1467642298584{margin-top: 50px !important;margin-bottom: 20px !important;}\u00bb][vc_separator style=\u00bbdashed\u00bb border_width=\u00bb2&#8243;][\/vc_column][\/vc_row][vc_row css=\u00bb.vc_custom_1472028762780{margin-top: 50px !important;margin-bottom: 30px !important;}\u00bb][vc_column width=\u00bb1\/2&#8243;][vc_single_image image=\u00bb517&#8243; img_size=\u00bbfull\u00bb][\/vc_column][vc_column width=\u00bb1\/2&#8243; css=\u00bb.vc_custom_1468933251555{margin-top: 30px !important;}\u00bb][vc_column_text]<\/p>\n<h1>EBEV-Gr\u00faa MH500<\/h1>\n<p>[\/vc_column_text][vc_row_inner el_class=\u00bbebev-liste\u00bb][vc_column_inner][vc_column_text]Con bomba hidr\u00e1ulica manual para el cilindro elevador, equipado con una v\u00e1lvula limitadora de presi\u00f3n.<\/p>\n<ul>\n<li>Cilindro elevador con v\u00e1lvula antirrotura de tubos y de contrapeso<\/li>\n<li>Brazo elevador con una extensi\u00f3n manualmente extra\u00edble<\/li>\n<li>Gr\u00faa manual de 360 grados, giratoria por engranaje de tornillos sin fin<\/li>\n<li>Apoyo manual, ajustable en altura, extra\u00edble lateralmente y plegable, montado en la base de la gr\u00faa<\/li>\n<li>Base de la gr\u00faa, reforzada con taladrados para su sujeci\u00f3n<\/li>\n<li>Apoyo estable de la columna, con casquillos<\/li>\n<li>Pintura en RAL 3002 rojo carm\u00edn\/galvanizados con cinc<\/li>\n<li>Par de elevaci\u00f3n 0,54mt<\/li>\n<li>Peso propio 95kgs<\/li>\n<\/ul>\n<p>[\/vc_column_text][\/vc_column_inner][\/vc_row_inner][\/vc_column][\/vc_row][vc_row css=\u00bb.vc_custom_1472028866702{margin-top: 10px !important;}\u00bb][vc_column css=\u00bb.vc_custom_1467642298584{margin-top: 50px !important;margin-bottom: 20px !important;}\u00bb][vc_separator style=\u00bbdashed\u00bb border_width=\u00bb2&#8243;][\/vc_column][\/vc_row][vc_row css=\u00bb.vc_custom_1472028873394{margin-top: 50px !important;margin-bottom: 10px !important;}\u00bb][vc_column width=\u00bb1\/2&#8243;][vc_single_image image=\u00bb518&#8243; img_size=\u00bbfull\u00bb][\/vc_column][vc_column width=\u00bb1\/2&#8243; css=\u00bb.vc_custom_1468933251555{margin-top: 30px !important;}\u00bb][vc_column_text]<\/p>\n<h1>EBEV-Gr\u00faa MW500<\/h1>\n<p>[\/vc_column_text][vc_row_inner el_class=\u00bbebev-liste\u00bb][vc_column_inner][vc_column_text]Con cabestrante el\u00e9ctrico de 12\/24V<br \/>\ny ajuste manual del brazo elevador<\/p>\n<ul>\n<li>Brazo elevador con una extensi\u00f3n manualmente extra\u00edble<\/li>\n<li>Gr\u00faa manual de 360 grados, giratoria por engranaje de tornillos sin fin<\/li>\n<li>Apoyo manual, ajustable en altura, extra\u00edble lateralmente y plegable, montado en la base de la gr\u00faa<\/li>\n<li>Base de la gr\u00faa, reforzada con taladrados para su sujeci\u00f3n<\/li>\n<li>Apoyo estable de la columna, con casquillos<\/li>\n<li>Pintura en RAL 3002 rojo carm\u00edn\/galvanizados con cinc<\/li>\n<li>Par de elevaci\u00f3n 0,54mt<\/li>\n<li>Peso propio 105kgs<\/li>\n<\/ul>\n<p>[\/vc_column_text][\/vc_column_inner][\/vc_row_inner][\/vc_column][\/vc_row][vc_row][vc_column][vc_empty_space][\/vc_column][\/vc_row][vc_row][vc_column]<div class=\"cqcarousel-container \" data-slidestoshow=\"5\" data-thumbstoshow=\"6\" data-dots=\"no\" data-arrows=\"yes\" data-isgallery=\"is-gallery\" data-largeimagearrows=\"no\" data-autoplay=\"yes\" data-autoplayspeed=\"4000\" data-containerwidth=\"\" data-containermaxwidth=\"\" data-imgnum=\"6\" data-bottomversion=\"\" data-dotbottom=\"\" data-lightboxmode=\"prettyphoto\"><div class=\"carousel-gallery\"><div><img decoding=\"async\" src=\"https:\/\/ebev.de\/wp-content\/uploads\/2016\/08\/ebev-lift-01.jpg\" alt=\"\" \/><\/div><div><img decoding=\"async\" src=\"https:\/\/ebev.de\/wp-content\/uploads\/2016\/08\/ebev-lift-05.jpg\" alt=\"\" \/><\/div><div><img decoding=\"async\" src=\"https:\/\/ebev.de\/wp-content\/uploads\/2016\/08\/ebev-lift-06.jpg\" alt=\"\" \/><\/div><div><img decoding=\"async\" src=\"https:\/\/ebev.de\/wp-content\/uploads\/2016\/08\/ebev-lift-04.jpg\" alt=\"\" \/><\/div><div><img decoding=\"async\" src=\"https:\/\/ebev.de\/wp-content\/uploads\/2016\/08\/ebev-lift-03.jpg\" alt=\"\" \/><\/div><div><img decoding=\"async\" src=\"https:\/\/ebev.de\/wp-content\/uploads\/2016\/08\/ebev-lift-02.jpg\" alt=\"\" \/><\/div><\/div><div class=\"carousel-thumb is-gallery\"><div title=\"\"><img decoding=\"async\" src=\"https:\/\/ebev.de\/wp-content\/uploads\/2016\/08\/ebev-lift-01.jpg\" alt=\"\" \/><\/div><div title=\"\"><img decoding=\"async\" src=\"https:\/\/ebev.de\/wp-content\/uploads\/2016\/08\/ebev-lift-05.jpg\" alt=\"\" \/><\/div><div title=\"\"><img decoding=\"async\" src=\"https:\/\/ebev.de\/wp-content\/uploads\/2016\/08\/ebev-lift-06.jpg\" alt=\"\" \/><\/div><div title=\"\"><img decoding=\"async\" src=\"https:\/\/ebev.de\/wp-content\/uploads\/2016\/08\/ebev-lift-04.jpg\" alt=\"\" \/><\/div><div title=\"\"><img decoding=\"async\" src=\"https:\/\/ebev.de\/wp-content\/uploads\/2016\/08\/ebev-lift-03.jpg\" alt=\"\" \/><\/div><div title=\"\"><img decoding=\"async\" src=\"https:\/\/ebev.de\/wp-content\/uploads\/2016\/08\/ebev-lift-02.jpg\" alt=\"\" \/><\/div><\/div><\/div>[\/vc_column][\/vc_row]<\/p>\n","protected":false},"excerpt":{"rendered":"<p>[vc_row css=\u00bb.vc_custom_1472028743282{margin-top: 50px !important;margin-bottom: 10px !important;}\u00bb][vc_column][vc_column_text] EBEV \u2013 Gr\u00faa 500 [\/vc_column_text][vc_column_text] La gr\u00faa compacta EBEV permite un montaje r\u00e1pido en el veh\u00edculo portador. Las opciones incluyen<span class=\"excerpt-hellip\"> [\u2026]<\/span><\/p>\n","protected":false},"author":1,"featured_media":0,"parent":575,"menu_order":4,"comment_status":"closed","ping_status":"closed","template":"","meta":{"footnotes":""},"class_list":["post-585","page","type-page","status-publish","hentry"],"aioseo_notices":[],"_links":{"self":[{"href":"https:\/\/ebev.de\/es\/wp-json\/wp\/v2\/pages\/585","targetHints":{"allow":["GET"]}}],"collection":[{"href":"https:\/\/ebev.de\/es\/wp-json\/wp\/v2\/pages"}],"about":[{"href":"https:\/\/ebev.de\/es\/wp-json\/wp\/v2\/types\/page"}],"author":[{"embeddable":true,"href":"https:\/\/ebev.de\/es\/wp-json\/wp\/v2\/users\/1"}],"replies":[{"embeddable":true,"href":"https:\/\/ebev.de\/es\/wp-json\/wp\/v2\/comments?post=585"}],"version-history":[{"count":8,"href":"https:\/\/ebev.de\/es\/wp-json\/wp\/v2\/pages\/585\/revisions"}],"predecessor-version":[{"id":1008,"href":"https:\/\/ebev.de\/es\/wp-json\/wp\/v2\/pages\/585\/revisions\/1008"}],"up":[{"embeddable":true,"href":"https:\/\/ebev.de\/es\/wp-json\/wp\/v2\/pages\/575"}],"wp:attachment":[{"href":"https:\/\/ebev.de\/es\/wp-json\/wp\/v2\/media?parent=585"}],"curies":[{"name":"wp","href":"https:\/\/api.w.org\/{rel}","templated":true}]}}